{"version":"1.0","provider_name":"ENDK","provider_url":"https:\/\/endk.ch\/fr\/","author_name":"barbara.stucki@bertakomm.ch","author_url":"https:\/\/endk.ch\/fr\/author\/barbara-stuckibertakomm-ch\/","title":"S\u00e9curit\u00e9 d\u2019approvisionnement et neutralit\u00e9 climatique - ENDK","type":"rich","width":600,"height":338,"html":"<blockquote class=\"wp-embedded-content\" data-secret=\"gjns5DuNBx\"><a href=\"https:\/\/endk.ch\/fr\/securite-de-lapprovisionnement-et-neutralite-climatique\/\">S\u00e9curit\u00e9 d\u2019approvisionnement et neutralit\u00e9 climatique<\/a><\/blockquote><iframe sandbox=\"allow-scripts\" security=\"restricted\" src=\"https:\/\/endk.ch\/fr\/securite-de-lapprovisionnement-et-neutralite-climatique\/embed\/#?secret=gjns5DuNBx\" width=\"600\" height=\"338\" title=\"\u00ab\u00a0S\u00e9curit\u00e9 d\u2019approvisionnement et neutralit\u00e9 climatique\u00a0\u00bb &#8212; ENDK\" data-secret=\"gjns5DuNBx\" frameborder=\"0\" marginwidth=\"0\" marginheight=\"0\" scrolling=\"no\" class=\"wp-embedded-content\"><\/iframe><script type=\"text\/javascript\">\n\/* <![CDATA[ *\/\n\/*! This file is auto-generated *\/\n!function(d,l){\"use strict\";l.querySelector&&d.addEventListener&&\"undefined\"!=typeof URL&&(d.wp=d.wp||{},d.wp.receiveEmbedMessage||(d.wp.receiveEmbedMessage=function(e){var t=e.data;if((t||t.secret||t.message||t.value)&&!\/[^a-zA-Z0-9]\/.test(t.secret)){for(var s,r,n,a=l.querySelectorAll('iframe[data-secret=\"'+t.secret+'\"]'),o=l.querySelectorAll('blockquote[data-secret=\"'+t.secret+'\"]'),c=new RegExp(\"^https?:$\",\"i\"),i=0;i<o.length;i++)o[i].style.display=\"none\";for(i=0;i<a.length;i++)s=a[i],e.source===s.contentWindow&&(s.removeAttribute(\"style\"),\"height\"===t.message?(1e3<(r=parseInt(t.value,10))?r=1e3:~~r<200&&(r=200),s.height=r):\"link\"===t.message&&(r=new URL(s.getAttribute(\"src\")),n=new URL(t.value),c.test(n.protocol))&&n.host===r.host&&l.activeElement===s&&(d.top.location.href=t.value))}},d.addEventListener(\"message\",d.wp.receiveEmbedMessage,!1),l.addEventListener(\"DOMContentLoaded\",function(){for(var e,t,s=l.querySelectorAll(\"iframe.wp-embedded-content\"),r=0;r<s.length;r++)(t=(e=s[r]).getAttribute(\"data-secret\"))||(t=Math.random().toString(36).substring(2,12),e.src+=\"#?secret=\"+t,e.setAttribute(\"data-secret\",t)),e.contentWindow.postMessage({message:\"ready\",secret:t},\"*\")},!1)))}(window,document);\n\/\/# sourceURL=https:\/\/endk.ch\/wp-includes\/js\/wp-embed.min.js\n\/* ]]> *\/\n<\/script>\n","description":"S\u00e9curit\u00e9 de l\u2019approvisionnement et neutralit\u00e9 climatique L\u2019EnDK s\u2019engage en faveur de l\u2019objectif de z\u00e9ro \u00e9mission nette: la Suisse doit atteindre la neutralit\u00e9 climatique d\u2019ici 2050. La s\u00e9curit\u00e9 de l\u2019approvisionnement \u00e9nerg\u00e9tique doit \u00eatre garantie en tout temps. Pour un approvisionnement \u00e9nerg\u00e9tique s\u00fbr et neutre sur le plan climatique Objectif de z\u00e9ro \u00e9mission nette d\u2019ici 2050 Le [&hellip;]","thumbnail_url":"https:\/\/endk.ch\/wp-content\/uploads\/2025\/07\/windenergie-juvent-schweiz-daniel-hager-02170-bkw-2023.jpg","thumbnail_width":1200,"thumbnail_height":850}