{"id":2021,"date":"2025-07-18T10:23:45","date_gmt":"2025-07-18T10:23:45","guid":{"rendered":"https:\/\/dev.endk.bertaeins.ch\/microsite\/"},"modified":"2025-08-28T06:54:24","modified_gmt":"2025-08-28T06:54:24","slug":"securite-de-lapprovisionnement-et-neutralite-climatique","status":"publish","type":"page","link":"https:\/\/endk.ch\/fr\/securite-de-lapprovisionnement-et-neutralite-climatique\/","title":{"rendered":"S\u00e9curit\u00e9 d\u2019approvisionnement et neutralit\u00e9 climatique"},"content":{"rendered":"\n<div class=\"wp-block-group\" style=\"padding-top:6rem;padding-bottom:6rem\"><div class=\"wp-block-group__inner-container is-layout-constrained wp-block-group-is-layout-constrained\">\n<h2 class=\"wp-block-heading has-large-font-size\">S\u00e9curit\u00e9 de l\u2019approvisionnement et neutralit\u00e9 climatique<\/h2>\n\n\n\n<p>L\u2019EnDK s\u2019engage en faveur de l\u2019objectif de z\u00e9ro \u00e9mission nette: la Suisse doit atteindre la neutralit\u00e9 climatique d\u2019ici 2050. La s\u00e9curit\u00e9 de l\u2019approvisionnement \u00e9nerg\u00e9tique doit \u00eatre garantie en tout temps.<\/p>\n<\/div><\/div>\n\n\n\n<div style=\"height:50px\" aria-hidden=\"true\" class=\"wp-block-spacer\"><\/div>\n\n\n\n<h3 class=\"wp-block-heading has-blau-color has-text-color has-link-color wp-elements-198402b8c879465b2089aa641c8ab67d\">Pour un approvisionnement \u00e9nerg\u00e9tique s\u00fbr et neutre sur le plan climatique<\/h3>\n\n\n\n<div style=\"height:50px\" aria-hidden=\"true\" class=\"wp-block-spacer\"><\/div>\n\n\n\n<div class=\"wp-block-columns is-layout-flex wp-container-core-columns-is-layout-9d6595d7 wp-block-columns-is-layout-flex\">\n<div class=\"wp-block-column is-layout-flow wp-block-column-is-layout-flow\" style=\"flex-basis:60%\">\n<p><strong>Objectif de z\u00e9ro \u00e9mission nette d\u2019ici 2050<\/strong><\/p>\n\n\n\n<p>Le changement climatique est d\u00e9j\u00e0 bien r\u00e9el et la Suisse est \u00e9galement fortement affect\u00e9e. Les \u00e9missions de CO<sub>2<\/sub> doivent \u00eatre r\u00e9duites \u00e0 z\u00e9ro d\u2019ici 2050 au plus tard, comme le pr\u00e9voit la strat\u00e9gie \u00e9nerg\u00e9tique 2050 et, depuis le 1<sup>er<\/sup> janvier 2025, la loi sur le climat et l\u2019innovation. Il est n\u00e9cessaire de r\u00e9duire rapidement et de mani\u00e8re globale les \u00e9missions de CO<sub>2<\/sub>. Les \u00e9missions qui ne peuvent \u00eatre \u00e9vit\u00e9es doivent \u00eatre compens\u00e9es par le captage du carbone et son stockage \u00e0 long terme dans des puits. Les cantons veillent \u00e0 ce que la consommation \u00e9nerg\u00e9tique soit la plus faible possible dans le secteur du b\u00e2timent.<\/p>\n<\/div>\n\n\n\n<div class=\"wp-block-column is-layout-flow wp-block-column-is-layout-flow\" style=\"flex-basis:40%\">\n<figure class=\"wp-block-image size-full is-resized\"><img loading=\"lazy\" decoding=\"async\" width=\"1200\" height=\"850\" src=\"http:\/\/endk.ch\/wp-content\/uploads\/2025\/07\/windenergie-juvent-schweiz-daniel-hager-02170-bkw-2023.jpg\" alt=\"\" class=\"wp-image-1589\" style=\"object-fit:cover;width:391px;height:337px\" srcset=\"https:\/\/endk.ch\/wp-content\/uploads\/2025\/07\/windenergie-juvent-schweiz-daniel-hager-02170-bkw-2023.jpg 1200w, https:\/\/endk.ch\/wp-content\/uploads\/2025\/07\/windenergie-juvent-schweiz-daniel-hager-02170-bkw-2023-300x213.jpg 300w, https:\/\/endk.ch\/wp-content\/uploads\/2025\/07\/windenergie-juvent-schweiz-daniel-hager-02170-bkw-2023-1024x725.jpg 1024w, https:\/\/endk.ch\/wp-content\/uploads\/2025\/07\/windenergie-juvent-schweiz-daniel-hager-02170-bkw-2023-768x544.jpg 768w\" sizes=\"auto, (max-width: 1200px) 100vw, 1200px\" \/><figcaption class=\"wp-element-caption\">\u00a9 Daniel Hager, Quelle: BKW AG<\/figcaption><\/figure>\n<\/div>\n<\/div>\n\n\n\n<div style=\"height:50px\" aria-hidden=\"true\" class=\"wp-block-spacer\"><\/div>\n\n\n\n<p><strong>Acc\u00e9l\u00e9ration du d\u00e9veloppement des \u00e9nergies renouvelables<\/strong><\/p>\n\n\n\n<p>Il est n\u00e9cessaire de d\u00e9velopper la production indig\u00e8ne d\u2019\u00e9lectricit\u00e9 non seulement pour atteindre la neutralit\u00e9 climatique, mais aussi pour renforcer la s\u00e9curit\u00e9 de l\u2019approvisionnement. En raison de l\u2019\u00e9lectrification croissante des b\u00e2timents, des transports et de l\u2019industrie dans le cadre de la politique climatique, ainsi que de la fermeture prochaine des centrales nucl\u00e9aires existantes, il est urgent de d\u00e9velopper la production indig\u00e8ne d\u2019\u00e9lectricit\u00e9. Le d\u00e9veloppement des \u00e9nergies renouvelables indig\u00e8nes est une priorit\u00e9 absolue pour l\u2019EnDK.<\/p>\n\n\n\n<p><strong>Se concentrer sur les mois d\u2019hiver<\/strong><\/p>\n\n\n\n<p>En hiver, la Suisse produit moins d\u2019\u00e9lectricit\u00e9 qu\u2019elle n\u2019en consomme. Elle d\u00e9pend donc des importations d\u2019\u00e9lectricit\u00e9 durant les mois d\u2019hiver. Cet effet est appel\u00e9 \u00e0 s\u2019accentuer, notamment en raison de la part croissante du photovolta\u00efque dans le mix \u00e9lectrique, de la mise hors service des centrales nucl\u00e9aires et de l\u2019\u00e9lectrification de l\u2019approvisionnement en chaleur. Afin de garantir la s\u00e9curit\u00e9 de l\u2019approvisionnement, il faudra que la production d\u2019\u00e9lectricit\u00e9 dans le pays demeure suffisante et disponible de mani\u00e8re assur\u00e9e, pendant la saison hivernale \u00e9galement. Les solutions de secours \u00e9ventuellement d\u00e9ploy\u00e9es pour y parvenir, telles que les centrales \u00e0 gaz, devront garantir une exploitation neutre en CO<sub>2<\/sub>, ou, de fa\u00e7on transitoire compenser au moins leurs \u00e9missions de CO<sub>2<\/sub>.<\/p>\n\n\n\n<p><strong>Des conditions-cadres appropri\u00e9es pour un approvisionnement \u00e9nerg\u00e9tique s\u00fbr<\/strong><\/p>\n\n\n\n<p>Afin de parvenir \u00e0 la diversification n\u00e9cessaire des \u00e9nergies renouvelables, il est essentiel d\u2019instaurer les conditions-cadres correspondantes. Les installations de production d\u2019\u00e9nergie renouvelable et les r\u00e9seaux performants doivent pouvoir \u00eatre planifi\u00e9s de mani\u00e8re efficace et approuv\u00e9s rapidement. Il convient en outre d\u2019assurer la poursuite de l\u2019exploitation des installations existantes. La capacit\u00e9 d\u2019importation de la Suisse dans le domaine \u00e9nerg\u00e9tique doit \u00eatre garantie par une coop\u00e9ration clairement r\u00e9glement\u00e9e, conclue au-del\u00e0 des fronti\u00e8res nationales.<\/p>\n\n\n\n<p><strong>L\u2019accord sur l\u2019\u00e9lectricit\u00e9, un \u00e9l\u00e9ment essentiel<\/strong><\/p>\n\n\n\n<p>La Suisse est \u00e9troitement int\u00e9gr\u00e9e au syst\u00e8me \u00e9lectrique europ\u00e9en et entretient avec ses pays voisins des \u00e9changes d\u2019\u00e9lectricit\u00e9 constants, essentiels \u00e0 son approvisionnement. Afin de garantir la s\u00e9curit\u00e9 de ces \u00e9changes au niveau juridique, il est n\u00e9cessaire d\u2019inscrire notre relation avec l\u2019UE sur le plan de l\u2019\u00e9nergie dans un cadre r\u00e9glementaire. L\u2019<a href=\"https:\/\/endk.ch\/fr\/stromabkommen-microsite\/\">accord sur l\u2019\u00e9lectricit\u00e9<\/a> garantit le bon fonctionnement du n\u00e9goce transfrontalier, renforce la stabilit\u00e9 du r\u00e9seau et assure ainsi la s\u00e9curit\u00e9 de notre approvisionnement en \u00e9lectricit\u00e9.<\/p>\n\n\n\n<div style=\"height:66px\" aria-hidden=\"true\" class=\"wp-block-spacer\"><\/div>\n\n\n\n<h3 class=\"wp-block-heading has-blau-color has-text-color has-link-color wp-elements-39d5effd9fa44f5beab58d33c14d1a96\">Documents<\/h3>\n\n\n\n<p>20.12.2024: <a href=\"http:\/\/endk.ch\/wp-content\/uploads\/2025\/07\/20241220_MM_-EnDK_StromA_F.pdf\">Communiqu\u00e9 de presse concernant la conclusion des n\u00e9gociations sur l\u2019accord sur l\u2019\u00e9lectricit\u00e9<\/a><\/p>\n\n\n\n<p>30.09.2024: <a href=\"http:\/\/endk.ch\/wp-content\/uploads\/2025\/08\/20240930_Offensive_Reseau_Pdp_EnDK_DTAP.pdf\">Prise de position concernant l\u2019acc\u00e9l\u00e9ration des proc\u00e9dures pour les r\u00e9seaux \u00e9lectriques (LIE)<\/a><\/p>\n\n\n\n<p>02.05.2022: <a href=\"http:\/\/endk.ch\/wp-content\/uploads\/2025\/08\/20220502_Stn_Verfahrensbeschleunigung_F.pdf\">Prise de position concernant le projet d\u2019acc\u00e9l\u00e9ration des proc\u00e9dures pour les \u00e9nergies renouvelables (LEne)<\/a><\/p>\n\n\n\n<div style=\"height:5px\" aria-hidden=\"true\" class=\"wp-block-spacer\"><\/div>\n\n\n\n<div class=\"wp-block-buttons is-layout-flex wp-block-buttons-is-layout-flex\">\n<div class=\"wp-block-button\"><a class=\"wp-block-button__link wp-element-button\" href=\"https:\/\/endk.ch\/fr\/publications\/\">Voir toutes les publications<\/a><\/div>\n<\/div>\n\n\n\n<div style=\"height:60px\" aria-hidden=\"true\" class=\"wp-block-spacer\"><\/div>\n\n\n\n<p><\/p>\n","protected":false},"excerpt":{"rendered":"<p>S\u00e9curit\u00e9 de l\u2019approvisionnement et neutralit\u00e9 climatique L\u2019EnDK s\u2019engage en faveur de l\u2019objectif de z\u00e9ro \u00e9mission nette: la Suisse doit atteindre la neutralit\u00e9 climatique d\u2019ici 2050. La s\u00e9curit\u00e9 de l\u2019approvisionnement \u00e9nerg\u00e9tique doit \u00eatre garantie en tout temps. Pour un approvisionnement \u00e9nerg\u00e9tique s\u00fbr et neutre sur le plan climatique Objectif de z\u00e9ro \u00e9mission nette d\u2019ici 2050 Le [&hellip;]<\/p>\n","protected":false},"author":2,"featured_media":0,"parent":0,"menu_order":0,"comment_status":"closed","ping_status":"closed","template":"","meta":{"_acf_changed":false,"footnotes":""},"class_list":["post-2021","page","type-page","status-publish","hentry"],"acf":[],"yoast_head":"<!-- This site is optimized with the Yoast SEO plugin v27.2 - https:\/\/yoast.com\/product\/yoast-seo-wordpress\/ -->\n<title>S\u00e9curit\u00e9 d\u2019approvisionnement et neutralit\u00e9 climatique - ENDK<\/title>\n<meta name=\"robots\" content=\"index, follow, max-snippet:-1, max-image-preview:large, max-video-preview:-1\" \/>\n<link rel=\"canonical\" href=\"https:\/\/endk.ch\/fr\/securite-de-lapprovisionnement-et-neutralite-climatique\/\" \/>\n<meta property=\"og:locale\" content=\"fr_FR\" \/>\n<meta property=\"og:type\" content=\"article\" \/>\n<meta property=\"og:title\" content=\"S\u00e9curit\u00e9 d\u2019approvisionnement et neutralit\u00e9 climatique - ENDK\" \/>\n<meta property=\"og:description\" content=\"S\u00e9curit\u00e9 de l\u2019approvisionnement et neutralit\u00e9 climatique L\u2019EnDK s\u2019engage en faveur de l\u2019objectif de z\u00e9ro \u00e9mission nette: la Suisse doit atteindre la neutralit\u00e9 climatique d\u2019ici 2050. La s\u00e9curit\u00e9 de l\u2019approvisionnement \u00e9nerg\u00e9tique doit \u00eatre garantie en tout temps. Pour un approvisionnement \u00e9nerg\u00e9tique s\u00fbr et neutre sur le plan climatique Objectif de z\u00e9ro \u00e9mission nette d\u2019ici 2050 Le [&hellip;]\" \/>\n<meta property=\"og:url\" content=\"https:\/\/endk.ch\/fr\/securite-de-lapprovisionnement-et-neutralite-climatique\/\" \/>\n<meta property=\"og:site_name\" content=\"ENDK\" \/>\n<meta property=\"article:modified_time\" content=\"2025-08-28T06:54:24+00:00\" \/>\n<meta property=\"og:image\" content=\"https:\/\/endk.ch\/wp-content\/uploads\/2025\/07\/windenergie-juvent-schweiz-daniel-hager-02170-bkw-2023.jpg\" \/>\n\t<meta property=\"og:image:width\" content=\"1200\" \/>\n\t<meta property=\"og:image:height\" content=\"850\" \/>\n\t<meta property=\"og:image:type\" content=\"image\/jpeg\" \/>\n<meta name=\"twitter:card\" content=\"summary_large_image\" \/>\n<meta name=\"twitter:label1\" content=\"Dur\u00e9e de lecture estim\u00e9e\" \/>\n\t<meta name=\"twitter:data1\" content=\"4 minutes\" \/>\n<script type=\"application\/ld+json\" class=\"yoast-schema-graph\">{\"@context\":\"https:\/\/schema.org\",\"@graph\":[{\"@type\":\"WebPage\",\"@id\":\"https:\/\/endk.ch\/fr\/securite-de-lapprovisionnement-et-neutralite-climatique\/\",\"url\":\"https:\/\/endk.ch\/fr\/securite-de-lapprovisionnement-et-neutralite-climatique\/\",\"name\":\"S\u00e9curit\u00e9 d\u2019approvisionnement et neutralit\u00e9 climatique - ENDK\",\"isPartOf\":{\"@id\":\"https:\/\/endk.ch\/fr\/#website\"},\"primaryImageOfPage\":{\"@id\":\"https:\/\/endk.ch\/fr\/securite-de-lapprovisionnement-et-neutralite-climatique\/#primaryimage\"},\"image\":{\"@id\":\"https:\/\/endk.ch\/fr\/securite-de-lapprovisionnement-et-neutralite-climatique\/#primaryimage\"},\"thumbnailUrl\":\"http:\/\/endk.ch\/wp-content\/uploads\/2025\/07\/windenergie-juvent-schweiz-daniel-hager-02170-bkw-2023.jpg\",\"datePublished\":\"2025-07-18T10:23:45+00:00\",\"dateModified\":\"2025-08-28T06:54:24+00:00\",\"breadcrumb\":{\"@id\":\"https:\/\/endk.ch\/fr\/securite-de-lapprovisionnement-et-neutralite-climatique\/#breadcrumb\"},\"inLanguage\":\"fr-FR\",\"potentialAction\":[{\"@type\":\"ReadAction\",\"target\":[\"https:\/\/endk.ch\/fr\/securite-de-lapprovisionnement-et-neutralite-climatique\/\"]}]},{\"@type\":\"ImageObject\",\"inLanguage\":\"fr-FR\",\"@id\":\"https:\/\/endk.ch\/fr\/securite-de-lapprovisionnement-et-neutralite-climatique\/#primaryimage\",\"url\":\"http:\/\/endk.ch\/wp-content\/uploads\/2025\/07\/windenergie-juvent-schweiz-daniel-hager-02170-bkw-2023.jpg\",\"contentUrl\":\"http:\/\/endk.ch\/wp-content\/uploads\/2025\/07\/windenergie-juvent-schweiz-daniel-hager-02170-bkw-2023.jpg\"},{\"@type\":\"BreadcrumbList\",\"@id\":\"https:\/\/endk.ch\/fr\/securite-de-lapprovisionnement-et-neutralite-climatique\/#breadcrumb\",\"itemListElement\":[{\"@type\":\"ListItem\",\"position\":1,\"name\":\"Startseite\",\"item\":\"https:\/\/endk.ch\/fr\/\"},{\"@type\":\"ListItem\",\"position\":2,\"name\":\"S\u00e9curit\u00e9 d\u2019approvisionnement et neutralit\u00e9 climatique\"}]},{\"@type\":\"WebSite\",\"@id\":\"https:\/\/endk.ch\/fr\/#website\",\"url\":\"https:\/\/endk.ch\/fr\/\",\"name\":\"ENDK\",\"description\":\"\",\"publisher\":{\"@id\":\"https:\/\/endk.ch\/fr\/#organization\"},\"potentialAction\":[{\"@type\":\"SearchAction\",\"target\":{\"@type\":\"EntryPoint\",\"urlTemplate\":\"https:\/\/endk.ch\/fr\/?s={search_term_string}\"},\"query-input\":{\"@type\":\"PropertyValueSpecification\",\"valueRequired\":true,\"valueName\":\"search_term_string\"}}],\"inLanguage\":\"fr-FR\"},{\"@type\":\"Organization\",\"@id\":\"https:\/\/endk.ch\/fr\/#organization\",\"name\":\"ENDK\",\"url\":\"https:\/\/endk.ch\/fr\/\",\"logo\":{\"@type\":\"ImageObject\",\"inLanguage\":\"fr-FR\",\"@id\":\"https:\/\/endk.ch\/fr\/#\/schema\/logo\/image\/\",\"url\":null,\"contentUrl\":null,\"width\":null,\"height\":null,\"caption\":\"ENDK\"},\"image\":{\"@id\":\"https:\/\/endk.ch\/fr\/#\/schema\/logo\/image\/\"}}]}<\/script>\n<!-- \/ Yoast SEO plugin. -->","yoast_head_json":{"title":"S\u00e9curit\u00e9 d\u2019approvisionnement et neutralit\u00e9 climatique - ENDK","robots":{"index":"index","follow":"follow","max-snippet":"max-snippet:-1","max-image-preview":"max-image-preview:large","max-video-preview":"max-video-preview:-1"},"canonical":"https:\/\/endk.ch\/fr\/securite-de-lapprovisionnement-et-neutralite-climatique\/","og_locale":"fr_FR","og_type":"article","og_title":"S\u00e9curit\u00e9 d\u2019approvisionnement et neutralit\u00e9 climatique - ENDK","og_description":"S\u00e9curit\u00e9 de l\u2019approvisionnement et neutralit\u00e9 climatique L\u2019EnDK s\u2019engage en faveur de l\u2019objectif de z\u00e9ro \u00e9mission nette: la Suisse doit atteindre la neutralit\u00e9 climatique d\u2019ici 2050. La s\u00e9curit\u00e9 de l\u2019approvisionnement \u00e9nerg\u00e9tique doit \u00eatre garantie en tout temps. Pour un approvisionnement \u00e9nerg\u00e9tique s\u00fbr et neutre sur le plan climatique Objectif de z\u00e9ro \u00e9mission nette d\u2019ici 2050 Le [&hellip;]","og_url":"https:\/\/endk.ch\/fr\/securite-de-lapprovisionnement-et-neutralite-climatique\/","og_site_name":"ENDK","article_modified_time":"2025-08-28T06:54:24+00:00","og_image":[{"width":1200,"height":850,"url":"https:\/\/endk.ch\/wp-content\/uploads\/2025\/07\/windenergie-juvent-schweiz-daniel-hager-02170-bkw-2023.jpg","type":"image\/jpeg"}],"twitter_card":"summary_large_image","twitter_misc":{"Dur\u00e9e de lecture estim\u00e9e":"4 minutes"},"schema":{"@context":"https:\/\/schema.org","@graph":[{"@type":"WebPage","@id":"https:\/\/endk.ch\/fr\/securite-de-lapprovisionnement-et-neutralite-climatique\/","url":"https:\/\/endk.ch\/fr\/securite-de-lapprovisionnement-et-neutralite-climatique\/","name":"S\u00e9curit\u00e9 d\u2019approvisionnement et neutralit\u00e9 climatique - ENDK","isPartOf":{"@id":"https:\/\/endk.ch\/fr\/#website"},"primaryImageOfPage":{"@id":"https:\/\/endk.ch\/fr\/securite-de-lapprovisionnement-et-neutralite-climatique\/#primaryimage"},"image":{"@id":"https:\/\/endk.ch\/fr\/securite-de-lapprovisionnement-et-neutralite-climatique\/#primaryimage"},"thumbnailUrl":"http:\/\/endk.ch\/wp-content\/uploads\/2025\/07\/windenergie-juvent-schweiz-daniel-hager-02170-bkw-2023.jpg","datePublished":"2025-07-18T10:23:45+00:00","dateModified":"2025-08-28T06:54:24+00:00","breadcrumb":{"@id":"https:\/\/endk.ch\/fr\/securite-de-lapprovisionnement-et-neutralite-climatique\/#breadcrumb"},"inLanguage":"fr-FR","potentialAction":[{"@type":"ReadAction","target":["https:\/\/endk.ch\/fr\/securite-de-lapprovisionnement-et-neutralite-climatique\/"]}]},{"@type":"ImageObject","inLanguage":"fr-FR","@id":"https:\/\/endk.ch\/fr\/securite-de-lapprovisionnement-et-neutralite-climatique\/#primaryimage","url":"http:\/\/endk.ch\/wp-content\/uploads\/2025\/07\/windenergie-juvent-schweiz-daniel-hager-02170-bkw-2023.jpg","contentUrl":"http:\/\/endk.ch\/wp-content\/uploads\/2025\/07\/windenergie-juvent-schweiz-daniel-hager-02170-bkw-2023.jpg"},{"@type":"BreadcrumbList","@id":"https:\/\/endk.ch\/fr\/securite-de-lapprovisionnement-et-neutralite-climatique\/#breadcrumb","itemListElement":[{"@type":"ListItem","position":1,"name":"Startseite","item":"https:\/\/endk.ch\/fr\/"},{"@type":"ListItem","position":2,"name":"S\u00e9curit\u00e9 d\u2019approvisionnement et neutralit\u00e9 climatique"}]},{"@type":"WebSite","@id":"https:\/\/endk.ch\/fr\/#website","url":"https:\/\/endk.ch\/fr\/","name":"ENDK","description":"","publisher":{"@id":"https:\/\/endk.ch\/fr\/#organization"},"potentialAction":[{"@type":"SearchAction","target":{"@type":"EntryPoint","urlTemplate":"https:\/\/endk.ch\/fr\/?s={search_term_string}"},"query-input":{"@type":"PropertyValueSpecification","valueRequired":true,"valueName":"search_term_string"}}],"inLanguage":"fr-FR"},{"@type":"Organization","@id":"https:\/\/endk.ch\/fr\/#organization","name":"ENDK","url":"https:\/\/endk.ch\/fr\/","logo":{"@type":"ImageObject","inLanguage":"fr-FR","@id":"https:\/\/endk.ch\/fr\/#\/schema\/logo\/image\/","url":null,"contentUrl":null,"width":null,"height":null,"caption":"ENDK"},"image":{"@id":"https:\/\/endk.ch\/fr\/#\/schema\/logo\/image\/"}}]}},"_links":{"self":[{"href":"https:\/\/endk.ch\/fr\/wp-json\/wp\/v2\/pages\/2021","targetHints":{"allow":["GET"]}}],"collection":[{"href":"https:\/\/endk.ch\/fr\/wp-json\/wp\/v2\/pages"}],"about":[{"href":"https:\/\/endk.ch\/fr\/wp-json\/wp\/v2\/types\/page"}],"author":[{"embeddable":true,"href":"https:\/\/endk.ch\/fr\/wp-json\/wp\/v2\/users\/2"}],"replies":[{"embeddable":true,"href":"https:\/\/endk.ch\/fr\/wp-json\/wp\/v2\/comments?post=2021"}],"version-history":[{"count":11,"href":"https:\/\/endk.ch\/fr\/wp-json\/wp\/v2\/pages\/2021\/revisions"}],"predecessor-version":[{"id":3274,"href":"https:\/\/endk.ch\/fr\/wp-json\/wp\/v2\/pages\/2021\/revisions\/3274"}],"wp:attachment":[{"href":"https:\/\/endk.ch\/fr\/wp-json\/wp\/v2\/media?parent=2021"}],"curies":[{"name":"wp","href":"https:\/\/api.w.org\/{rel}","templated":true}]}}