{"id":525,"date":"2025-06-10T17:54:17","date_gmt":"2025-06-10T17:54:17","guid":{"rendered":"https:\/\/dev.endk.bertaeins.ch\/accueil\/"},"modified":"2026-04-29T20:24:41","modified_gmt":"2026-04-29T20:24:41","slug":"accueil","status":"publish","type":"page","link":"https:\/\/endk.ch\/fr\/","title":{"rendered":"Accueil"},"content":{"rendered":"\r\n<section class=\"endk-main-header\">\r\n    <div class=\"container\">\r\n        <div class=\"main-header-content\">\r\n                            <h1 class=\"main-header-title mb_20\">Conf\u00e9rence des directeurs cantonaux de l&#039;\u00e9nergie<\/h1>\r\n            \r\n                            <div class=\"main-header-text\">\r\n                    <p>La Conf\u00e9rence des directeurs cantonaux de l&rsquo;\u00e9nergie (EnDK) est le centre de comp\u00e9tence commun des cantons en mati\u00e8re d&rsquo;\u00e9nergie. Elle promeut et coordonne la coop\u00e9ration entre les cantons sur les questions \u00e9nerg\u00e9tiques et repr\u00e9sente les int\u00e9r\u00eats communs des cantons.<\/p>\n                <\/div>\r\n            \r\n                            <a href=\"https:\/\/endk.ch\/fr\/endk\/\"\r\n                class=\"main-header-button primary-button\"\r\n                target=\"_self\"\r\n                >\r\n                En savoir plus sur l&#039;EnDK                <\/a>\r\n                    <\/div>\r\n\r\n                    <div class=\"main-header-images\">\r\n                                                            <div class=\"main-header-image img-1\">\r\n                            <img loading=\"lazy\" decoding=\"async\" width=\"1200\" height=\"850\" src=\"https:\/\/endk.ch\/wp-content\/uploads\/2025\/07\/PSW_Limmern_2023_Volle_Aufloesung_020.jpg\" class=\"attachment-full size-full\" alt=\"\" srcset=\"https:\/\/endk.ch\/wp-content\/uploads\/2025\/07\/PSW_Limmern_2023_Volle_Aufloesung_020.jpg 1200w, https:\/\/endk.ch\/wp-content\/uploads\/2025\/07\/PSW_Limmern_2023_Volle_Aufloesung_020-300x213.jpg 300w, https:\/\/endk.ch\/wp-content\/uploads\/2025\/07\/PSW_Limmern_2023_Volle_Aufloesung_020-1024x725.jpg 1024w, https:\/\/endk.ch\/wp-content\/uploads\/2025\/07\/PSW_Limmern_2023_Volle_Aufloesung_020-768x544.jpg 768w\" sizes=\"auto, (max-width: 1200px) 100vw, 1200px\" \/>                        <\/div>\r\n                                                                                <div class=\"main-header-image img-2\">\r\n                            <img loading=\"lazy\" decoding=\"async\" width=\"1200\" height=\"850\" src=\"https:\/\/endk.ch\/wp-content\/uploads\/2025\/07\/Staumauer_Mauvoisin_2023_14.jpg\" class=\"attachment-full size-full\" alt=\"\" srcset=\"https:\/\/endk.ch\/wp-content\/uploads\/2025\/07\/Staumauer_Mauvoisin_2023_14.jpg 1200w, https:\/\/endk.ch\/wp-content\/uploads\/2025\/07\/Staumauer_Mauvoisin_2023_14-300x213.jpg 300w, https:\/\/endk.ch\/wp-content\/uploads\/2025\/07\/Staumauer_Mauvoisin_2023_14-1024x725.jpg 1024w, https:\/\/endk.ch\/wp-content\/uploads\/2025\/07\/Staumauer_Mauvoisin_2023_14-768x544.jpg 768w\" sizes=\"auto, (max-width: 1200px) 100vw, 1200px\" \/>                        <\/div>\r\n                                                                                <div class=\"main-header-image img-3\">\r\n                            <img loading=\"lazy\" decoding=\"async\" width=\"1200\" height=\"850\" src=\"https:\/\/endk.ch\/wp-content\/uploads\/2025\/07\/Windrad_Lutersarni_Volle_Aufloesung_071-e1754399047285.jpg\" class=\"attachment-full size-full\" alt=\"\" \/>                        <\/div>\r\n                                                <\/div>\r\n            <\/div>\r\n\r\n            <button class=\"scroll-down-arrow\" data-scroll-target=\"#latest-posts\">\r\n            <i class=\"fas fa-chevron-down\"><\/i>\r\n            <span class=\"sr-only\">Faites d\u00e9filer vers le bas<\/span>\r\n        <\/button>\r\n    <\/section>\r\n\r\n<script>\r\n    document.addEventListener('DOMContentLoaded', function () {\r\n        const btn = document.querySelector('.scroll-down-arrow');\r\n        if (btn) {\r\n            btn.addEventListener('click', function () {\r\n                const target = document.querySelector(btn.dataset.scrollTarget);\r\n                if (target) {\r\n                    target.scrollIntoView({ behavior: 'smooth' });\r\n                }\r\n            });\r\n        }\r\n    });\r\n<\/script>\n\n\n<div class=\"wp-block-group alignfull has-helllila-transparent-background-color has-background\" id=\"latest-posts\" style=\"padding-top:var(--wp--preset--spacing--80);padding-bottom:var(--wp--preset--spacing--60)\"><div class=\"wp-block-group__inner-container is-layout-constrained wp-block-group-is-layout-constrained\">\n<h2 class=\"wp-block-heading has-large-font-size\">Actualit\u00e9s<\/h2>\n\n\n\n<div class=\"wp-block-query is-layout-flow wp-block-query-is-layout-flow\"><ul class=\"columns-3 wp-block-post-template is-layout-grid wp-container-core-post-template-is-layout-2fc57c17 wp-block-post-template-is-layout-grid\"><li class=\"wp-block-post post-3925 post type-post status-publish format-standard hentry category-non-categorise\">\n\n<div class=\"wp-block-group\" style=\"padding-top:0px;padding-right:0px;padding-bottom:0px;padding-left:0px\"><div class=\"wp-block-group__inner-container is-layout-flow wp-block-group-is-layout-flow\"><div class=\"wp-block-post-date\"><time datetime=\"2026-04-15T12:08:26+00:00\">15.04.2026<\/time><\/div>\n\n<h2 class=\"wp-block-post-title\"><a href=\"https:\/\/endk.ch\/fr\/lendk-reaffirme-son-soutien-a-laccord-sur-lelectricite\/\" target=\"_self\" >L&rsquo;EnDK r\u00e9affirme son soutien \u00e0 l&rsquo;accord sur l&rsquo;\u00e9lectricit\u00e9<\/a><\/h2>\n\n<div class=\"wp-block-post-excerpt\"><p class=\"wp-block-post-excerpt__excerpt\">Les d\u00e9bats parlementaires sur l&rsquo;accord sur l&rsquo;\u00e9lectricit\u00e9 entre la Suisse et l&rsquo;UE ont d\u00e9but\u00e9 : lundi et mardi, la Commission de l&rsquo;environnement, de l&rsquo;am\u00e9nagement du territoire et de l&rsquo;\u00e9nergie du Conseil des \u00c9tats a auditionn\u00e9 diff\u00e9rents acteurs. La Conf\u00e9rence des directeurs cantonaux de l&rsquo;\u00e9nergie (EnDK) \u00e9tait pr\u00e9sente et a pu\u2026<\/p><p class=\"wp-block-post-excerpt__more-text\"><a class=\"wp-block-post-excerpt__more-link\" href=\"https:\/\/endk.ch\/fr\/lendk-reaffirme-son-soutien-a-laccord-sur-lelectricite\/\">Plus<\/a><\/p><\/div><\/div><\/div>\n\n<\/li><li class=\"wp-block-post post-3817 post type-post status-publish format-standard hentry category-non-categorise\">\n\n<div class=\"wp-block-group\" style=\"padding-top:0px;padding-right:0px;padding-bottom:0px;padding-left:0px\"><div class=\"wp-block-group__inner-container is-layout-flow wp-block-group-is-layout-flow\"><div class=\"wp-block-post-date\"><time datetime=\"2026-03-09T22:12:33+00:00\">09.03.2026<\/time><\/div>\n\n<h2 class=\"wp-block-post-title\"><a href=\"https:\/\/endk.ch\/fr\/poursuite-dune-politique-du-batiment-coherente\/\" target=\"_self\" >Poursuite d&rsquo;une politique du b\u00e2timent coh\u00e9rente<\/a><\/h2>\n\n<div class=\"wp-block-post-excerpt\"><p class=\"wp-block-post-excerpt__excerpt\">Apr\u00e8s les d\u00e9lib\u00e9rations aujourd&rsquo;hui sur le programme d&rsquo;all\u00e9gement budg\u00e9taire 2027 au Conseil des \u00c9tats, la d\u00e9cision est prise : le Conseil des \u00c9tats et le Conseil national se sont prononc\u00e9s conjointement en faveur du compromis \u00e9labor\u00e9 par l&rsquo;EnDK pour la poursuite de l\u2019encouragement dans le secteur du b\u00e2timent, avec un\u2026<\/p><p class=\"wp-block-post-excerpt__more-text\"><a class=\"wp-block-post-excerpt__more-link\" href=\"https:\/\/endk.ch\/fr\/poursuite-dune-politique-du-batiment-coherente\/\">Plus<\/a><\/p><\/div><\/div><\/div>\n\n<\/li><li class=\"wp-block-post post-3777 post type-post status-publish format-standard hentry category-senza-categoria\">\n\n<div class=\"wp-block-group\" style=\"padding-top:0px;padding-right:0px;padding-bottom:0px;padding-left:0px\"><div class=\"wp-block-group__inner-container is-layout-flow wp-block-group-is-layout-flow\"><div class=\"wp-block-post-date\"><time datetime=\"2025-12-19T16:26:17+00:00\">19.12.2025<\/time><\/div>\n\n<h2 class=\"wp-block-post-title\"><a href=\"https:\/\/endk.ch\/fr\/effets-economiques-positifs-du-programme-batiments\/\" target=\"_self\" >Effets \u00e9conomiques positifs du Programme B\u00e2timents<\/a><\/h2>\n\n<div class=\"wp-block-post-excerpt\"><p class=\"wp-block-post-excerpt__excerpt\">Depuis 2010, le programme B\u00e2timents de la Conf\u00e9d\u00e9ration et des cantons encourage les r\u00e9novations \u00e9nerg\u00e9tiques afin de r\u00e9duire les \u00e9missions de CO2 et la consommation d&rsquo;\u00e9nergie. L\u2019\u00e9tude analyse les effets \u00e9conomiques directs et indirects d&rsquo;une s\u00e9lection de mesures du programme B\u00e2timents. Elle tient \u00e9galement compte des cons\u00e9quences sur les recettes\u2026<\/p><p class=\"wp-block-post-excerpt__more-text\"><a class=\"wp-block-post-excerpt__more-link\" href=\"https:\/\/endk.ch\/fr\/effets-economiques-positifs-du-programme-batiments\/\">Plus<\/a><\/p><\/div><\/div><\/div>\n\n<\/li><\/ul><\/div>\n\n\n\n<div style=\"height:45px\" aria-hidden=\"true\" class=\"wp-block-spacer\"><\/div>\n\n\n\n<div class=\"wp-block-buttons is-layout-flex wp-block-buttons-is-layout-flex\">\n<div class=\"wp-block-button\"><a class=\"wp-block-button__link wp-element-button\" href=\"https:\/\/endk.ch\/fr\/publications\/#latest-posts\">Vers toutes les actualit\u00e9s<\/a><\/div>\n<\/div>\n<\/div><\/div>\n\n\n\r\n<section class=\"endk-teaser-box\" >\r\n    <div class=\"container teaser-box-wrapper grid-2-col box radius-20 shadow-3\">\r\n                    <div class=\"teaser-box-image\">\r\n                <img decoding=\"async\" src=\"https:\/\/endk.ch\/wp-content\/uploads\/2025\/06\/example-4.png\" alt=\"Hub \u00e9nergie b\u00e2timent\">\r\n            <\/div>\r\n        \r\n        <div class=\"teaser-box-content\">\r\n                            <h2 class=\"block-title mb_40\">Hub \u00e9nergie b\u00e2timent<\/h2>\r\n            \r\n                            <div class=\"block-text\"><p>Les b\u00e2timents en Suisse \u00e9voluent. Alors qu\u2019ils consommaient surtout de l\u2019\u00e9nergie jusqu\u2019\u00e0 pr\u00e9sent, ils se transforment peu \u00e0 peu en plaque tournante de l\u2019\u00e9nergie. Ils produisent de l\u2019\u00e9lectricit\u00e9 et de la chaleur, stockent l\u2019\u00e9nergie et deviennent la \u00abstation-service\u00bb de nos v\u00e9hicules. En r\u00e9sum\u00e9, les b\u00e2timents deviennent un hub \u00e9nerg\u00e9tique et contribuent ainsi \u00e0 la mise en \u0153uvre de la Strat\u00e9gie \u00e9nerg\u00e9tique 2050 de la Conf\u00e9d\u00e9ration.<\/p>\n<\/div>\r\n            \r\n                            <a href=\"https:\/\/hubenergiebatiment.ch\/\"\r\n                class=\"primary-button\"\r\n                target=\"_blank\"\r\n                rel=\"noopener noreferrer\">\r\n                En savoir plus                <\/a>\r\n                    <\/div>\r\n    <\/div>\r\n<\/section>\n\n<section class=\"endk-highlighted-list\">\r\n    <div class=\"container grid-2-col\">\r\n        <div class=\"highlight-left mb_40 sticky-container\">\r\n                            <div class=\"image-wrap\">\r\n                    <div class=\"radius-20 shadow-3 ratio-16_9 overflow mb_40\">\r\n                        <img decoding=\"async\" src=\"https:\/\/endk.ch\/wp-content\/uploads\/2025\/07\/solarenergie-mont-soleil-schweiz-daniel-hager-bkw.jpg\"\r\n                             alt=\"\" \/>\r\n                    <\/div>\r\n                                            <p class=\"image-caption\">\u00a9 Daniel Hager, Quelle: BKW AG<\/p>\r\n                                    <\/div>\r\n            \r\n                            <h2 class=\"block-title mb_40\">Politique \u00e9nerg\u00e9tique et du b\u00e2timent<\/h2>\r\n            \r\n                            <div class=\"block-text\"><p>Les cantons s\u2019impliquent dans la politique \u00e9nerg\u00e9tique au niveau f\u00e9d\u00e9ral en parlant d\u2019une seule voix, celle de l\u2019EnDK. Dans le cadre de l\u2019EnDK, ils coordonnent leur politique \u00e9nerg\u00e9tique dans le domaine du b\u00e2timent. Plusieurs th\u00e8mes font l\u2019objet d\u2019une attention particuli\u00e8re.<\/p>\n<\/div>\r\n            \r\n                            <a href=\"https:\/\/endk.ch\/fr\/politique-batiment\/\"\r\n                   class=\"block-button primary-button\"\r\n                   target=\"_self\"\r\n                                      aria-label=\"En savoir plus sur: En savoir plus\">\r\n                    En savoir plus                <\/a>\r\n                    <\/div>\r\n\r\n                    <div class=\"highlight-right\">\r\n                                    <div class=\"highlight-item\">\r\n                                                    <img decoding=\"async\" class=\"highlight-item-image\"\r\n                                 src=\"https:\/\/endk.ch\/wp-content\/uploads\/2025\/07\/Gebaeude-als-Energiehubs-e1753794835499.png\"\r\n                                 alt=\"\" \/>\r\n                        \r\n                                                    <h3 class=\"highlight-item-title\">MoPEC 2025<\/h3>\r\n                        \r\n                                                    <div class=\"highlight-item-text\">Le mod\u00e8le de prescriptions \u00e9nerg\u00e9tiques des cantons (MoPEC) constitue un ensemble de dispositions l\u00e9gales gr\u00e2ce auxquelles les cantons souhaitent promouvoir un parc immobilier \u00e9conome en \u00e9nergie et respectueux du climat en Suisse. La derni\u00e8re \u00e9dition, qui ouvre la voie vers un avenir durable, est d\u00e9sormais disponible.<\/div>\r\n                        \r\n                                                    <a class=\"highlight-item-link news-read-more\"\r\n                               href=\"https:\/\/hubenergiebatiment.ch\/politique-energetique-des-cantons\/mopec-2025\/\"\r\n                               target=\"_blank\"\r\n                               rel=\"noopener noreferrer\"                               aria-label=\"Lire la suite: Mehr lesen\">\r\n                                Mehr lesen                                <i class=\"fas fa-chevron-right\"><\/i>\r\n                            <\/a>\r\n                                            <\/div>\r\n                                    <div class=\"highlight-item\">\r\n                                                    <img decoding=\"async\" class=\"highlight-item-image\"\r\n                                 src=\"https:\/\/endk.ch\/wp-content\/uploads\/2025\/07\/Entlastungspaket-27-e1753794655493.png\"\r\n                                 alt=\"\" \/>\r\n                        \r\n                                                    <h3 class=\"highlight-item-title\">Programme d\u2019all\u00e8gement budg\u00e9taire 2027<\/h3>\r\n                        \r\n                                                    <div class=\"highlight-item-text\">L&rsquo;EnDK s&rsquo;est engag\u00e9e pour la poursuite d&rsquo;un encouragement cibl\u00e9 et efficace dans le domaine du b\u00e2timent. Cet engagement a port\u00e9 ses fruits puisque le Parlement a adopt\u00e9 la solution de compromis \u00e9labor\u00e9e par l\u2019EnDK.<\/div>\r\n                        \r\n                                                    <a class=\"highlight-item-link news-read-more\"\r\n                               href=\"https:\/\/endk.ch\/fr\/programme-dallegement-budgetaire\/\"\r\n                               target=\"_self\"\r\n                                                              aria-label=\"Lire la suite: Programme d\u2019all\u00e8gement budg\u00e9taire 2027\">\r\n                                Programme d\u2019all\u00e8gement budg\u00e9taire 2027                                <i class=\"fas fa-chevron-right\"><\/i>\r\n                            <\/a>\r\n                                            <\/div>\r\n                                    <div class=\"highlight-item\">\r\n                                                    <img decoding=\"async\" class=\"highlight-item-image\"\r\n                                 src=\"https:\/\/endk.ch\/wp-content\/uploads\/2025\/07\/Stromabkommen-e1754398900793.png\"\r\n                                 alt=\"\" \/>\r\n                        \r\n                                                    <h3 class=\"highlight-item-title\">Accord sur l\u2019\u00e9lectricit\u00e9<\/h3>\r\n                        \r\n                                                    <div class=\"highlight-item-text\">L\u2019EnDK s\u2019engage \u00e0 \u00e9tablir un cadre juridique clair pour les relations avec l\u2019UE dans le secteur de l\u2019\u00e9nergie. L\u2019accord sur l\u2019\u00e9lectricit\u00e9 garantit le bon fonctionnement du n\u00e9goce transfrontalier et renforce la stabilit\u00e9 du r\u00e9seau. Il contribue \u00e0 la s\u00e9curit\u00e9 de l\u2019approvisionnement en \u00e9lectricit\u00e9.<\/div>\r\n                        \r\n                                                    <a class=\"highlight-item-link news-read-more\"\r\n                               href=\"https:\/\/endk.ch\/fr\/accord-sur-lelectricite\/\"\r\n                               target=\"_self\"\r\n                                                              aria-label=\"Lire la suite: Stromabkommen (Microsite)\">\r\n                                Stromabkommen (Microsite)                                <i class=\"fas fa-chevron-right\"><\/i>\r\n                            <\/a>\r\n                                            <\/div>\r\n                            <\/div>\r\n            <\/div>\r\n<\/section>\n\n\r\n<section class=\"endk-testimonials circle-shadow1\" >\r\n    <div class=\"container\">\r\n        <div class=\"testimonial-slider js-testimonial-slider box radius-20 shadow-3\">\r\n                            <div class=\"testimonial-slide\">\r\n                    <div class=\"testimonial-content\">\r\n                        <blockquote>\r\n                            L\u2019EnDK joue un r\u00f4le cl\u00e9 dans la coordination et la promotion de la politique \u00e9nerg\u00e9tique \u00e0 l\u2019\u00e9chelle cantonale. Dans le domaine des b\u00e2timents, elle d\u00e9veloppe des normes communes \u2013 telles que le MoPEC ou le CECB \u2013 qui permettent aux cantons de mettre en place des politiques efficaces adapt\u00e9es aux sp\u00e9cificit\u00e9s de chaque canton.                        <\/blockquote>\r\n                        <p class=\"testimonial-name mb_0\">\r\n                            <strong>Laurent Favre<\/strong><br>\r\n                            <span>Conseiller d\u2019Etat du canton de Neuch\u00e2tel &amp; Pr\u00e9sident de l\u2019EnDK<\/span>\r\n                        <\/p>\r\n                    <\/div>\r\n\r\n                                            <div class=\"testimonial-photo\">\r\n                            <img decoding=\"async\" src=\"https:\/\/endk.ch\/wp-content\/uploads\/2025\/06\/laurent_favre_EndK_Vorstand.jpg\" alt=\"Laurent Favre\">\r\n                        <\/div>\r\n                                    <\/div>\r\n                            <div class=\"testimonial-slide\">\r\n                    <div class=\"testimonial-content\">\r\n                        <blockquote>\r\n                            La Conf\u00e9d\u00e9ration et les cantons partagent les m\u00eames objectifs pour notre avenir \u00e9nerg\u00e9tique. Nous ne pouvons les atteindre qu&rsquo;ensemble. En tant que centre de comp\u00e9tence des cantons en mati\u00e8re d&rsquo;\u00e9nergie, l\u2019EnDK est un interlocuteur important pour la Conf\u00e9d\u00e9ration dans ce domaine.                        <\/blockquote>\r\n                        <p class=\"testimonial-name mb_0\">\r\n                            <strong>Beno\u00eet Revaz<\/strong><br>\r\n                            <span>Directeur de l\u2019Office f\u00e9d\u00e9ral de l\u2019\u00e9nergie<\/span>\r\n                        <\/p>\r\n                    <\/div>\r\n\r\n                                            <div class=\"testimonial-photo\">\r\n                            <img decoding=\"async\" src=\"https:\/\/endk.ch\/wp-content\/uploads\/2025\/08\/IMG_8903-scaled.jpg\" alt=\"Beno\u00eet Revaz\">\r\n                        <\/div>\r\n                                    <\/div>\r\n                            <div class=\"testimonial-slide\">\r\n                    <div class=\"testimonial-content\">\r\n                        <blockquote>\r\n                            Les cantons ont un r\u00f4le cl\u00e9 \u00e0 jouer pour garantir un approvisionnement \u00e9nerg\u00e9tique s\u00fbr, efficace et neutre en carbone. Cela passe notamment par le raccordement de la Suisse aux pipelines d&rsquo;hydrog\u00e8ne. Les cantons et l&rsquo;industrie gazi\u00e8re travaillent main dans la main pour atteindre cet objectif.                        <\/blockquote>\r\n                        <p class=\"testimonial-name mb_0\">\r\n                            <strong>Daniela Decurtins<\/strong><br>\r\n                            <span>Directrice de l\u2019Association de l\u2019industrie gazi\u00e8re<\/span>\r\n                        <\/p>\r\n                    <\/div>\r\n\r\n                                            <div class=\"testimonial-photo\">\r\n                            <img decoding=\"async\" src=\"https:\/\/endk.ch\/wp-content\/uploads\/2025\/08\/Daniela_Decurtins-scaled.jpg\" alt=\"Daniela Decurtins\">\r\n                        <\/div>\r\n                                    <\/div>\r\n                    <\/div>\r\n    <\/div>\r\n<\/section>\r\n\r\n<script>\r\n   jQuery(document).ready(function($) {\r\n    if ($('.js-testimonial-slider').length) {\r\n        $('.js-testimonial-slider').slick({\r\n            arrows: true,\r\n            dots: false,\r\n            infinite: true,\r\n            slidesToShow: 1,\r\n            slidesToScroll: 1,\r\n            adaptiveHeight: true\r\n        });\r\n    }\r\n});\r\n \r\n<\/script>\n\n\n<div class=\"wp-block-group with_image\" style=\"padding-top:var(--wp--preset--spacing--80);padding-bottom:var(--wp--preset--spacing--80)\"><div class=\"wp-block-group__inner-container is-layout-constrained wp-block-group-is-layout-constrained\">\n<h2 class=\"wp-block-heading has-large-font-size\">Liens et r\u00e9seaux sociaux<\/h2>\n\n\n\n<div style=\"height:10px\" aria-hidden=\"true\" class=\"wp-block-spacer\"><\/div>\n\n\n\r\n<section class=\"endk-link-cards circle-shadow1 circle-shadow2\" >\r\n    <div class=\"container\">\r\n        <div class=\"link-cards-grid grid-3-col g-20\">\r\n                            <div class=\"link-card box radius-20 shadow-3\">\r\n                                            <div class=\"link-card-image\">\r\n                            <a href=\"http:\/\/Dans%20le%20dernier%20num\u00e9ro%20du%20magazine%20go2050%20publi\u00e9%20par%20ArcInfo,%20Laurent%20Favre%20\u2014%20Conseiller%20d\u2019\u00c9tat%20neuch\u00e2telois%20et%20Pr\u00e9sident%20de%20l\u2019EnDK%20\u2014%20revient%20sur%20les%20raisons%20pour%20lesquelles%20il%20est%20opportun%20pour%20les%20propri\u00e9taires%20de%20biens%20immobiliers%20de%20se%20lancer%20dans%20une%20r\u00e9novation%20\u00e9nerg\u00e9tique\" ><img decoding=\"async\" src=\"https:\/\/endk.ch\/wp-content\/uploads\/2026\/04\/IMG_20260429_190020-1-scaled.jpg\" alt=\"Photo de l&#039;intervie de Laurent Favre dans Arcinfo concernant la r\u00e9novation \u00e9nerg\u00e9tique\"><\/a>\r\n                        <\/div>\r\n                    \r\n                    <div class=\"link-card-content\">\r\n                                                    <span class=\"card-date\">29.04.2026<\/span>\r\n                        \r\n                                                    <h3 class=\"card-title\">C&#039;est le bon moment pour se lancer dans la r\u00e9novation \u00e9nerg\u00e9tique<\/h3>\r\n                        \r\n                                                    <div class=\"card-description\">\r\n                                <p>Dans le dernier num\u00e9ro du magazine \u00ab\u00a0go2050\u00a0\u00bb publi\u00e9 par Arcinfo, Laurent Favre \u2014 Conseiller d\u2019\u00c9tat neuch\u00e2telois et Pr\u00e9sident de l\u2019EnDK \u2014 revient sur les raisons pour lesquelles il est opportun pour les propri\u00e9taires de biens immobiliers de se lancer dans une r\u00e9novation \u00e9nerg\u00e9tique.<\/p>\n                            <\/div>\r\n                        \r\n                                                    <div class=\"button-wrap\">\r\n                                <a href=\"http:\/\/Dans%20le%20dernier%20num\u00e9ro%20du%20magazine%20go2050%20publi\u00e9%20par%20ArcInfo,%20Laurent%20Favre%20\u2014%20Conseiller%20d\u2019\u00c9tat%20neuch\u00e2telois%20et%20Pr\u00e9sident%20de%20l\u2019EnDK%20\u2014%20revient%20sur%20les%20raisons%20pour%20lesquelles%20il%20est%20opportun%20pour%20les%20propri\u00e9taires%20de%20biens%20immobiliers%20de%20se%20lancer%20dans%20une%20r\u00e9novation%20\u00e9nerg\u00e9tique\" class=\"block-button primary-button\">\r\n                                    Voir sur LinkedIn                                <\/a>\r\n                            <\/div>\r\n                                            <\/div>\r\n                <\/div>\r\n                            <div class=\"link-card box radius-20 shadow-3\">\r\n                                            <div class=\"link-card-image\">\r\n                            <a href=\"https:\/\/www.linkedin.com\/feed\/update\/urn:li:activity:7454556245434490880\" ><img decoding=\"async\" src=\"https:\/\/endk.ch\/wp-content\/uploads\/2026\/04\/Screenshot-2026-04-27-173729.png\" alt=\"les \u00e9missions diminuent, en particulier dans le secteur du b\u00e2timent\"><\/a>\r\n                        <\/div>\r\n                    \r\n                    <div class=\"link-card-content\">\r\n                                                    <span class=\"card-date\">27.04.2026<\/span>\r\n                        \r\n                                                    <h3 class=\"card-title\">les \u00e9missions diminuent, en particulier dans le secteur du b\u00e2timent<\/h3>\r\n                        \r\n                                                    <div class=\"card-description\">\r\n                                <p>En 2024, la Suisse a r\u00e9duit ses \u00e9missions de gaz \u00e0 effet de serre de 27,3 % par rapport \u00e0 1990, passant de 55,2 \u00e0 40,1 millions de tonnes de CO\u2082, soit une diminution de 15,1 millions de tonnes. Avec une r\u00e9duction de 7,9 millions de tonnes de CO\u2082, le secteur du b\u00e2timent y a largement contribu\u00e9, bien que la surface de r\u00e9f\u00e9rence chauff\u00e9e et la population r\u00e9sidente aient augment\u00e9.<\/p>\n                            <\/div>\r\n                        \r\n                                                    <div class=\"button-wrap\">\r\n                                <a href=\"https:\/\/www.linkedin.com\/feed\/update\/urn:li:activity:7454556245434490880\" class=\"block-button primary-button\">\r\n                                    Voir sur LinkedIn                                <\/a>\r\n                            <\/div>\r\n                                            <\/div>\r\n                <\/div>\r\n                            <div class=\"link-card box radius-20 shadow-3\">\r\n                                            <div class=\"link-card-image\">\r\n                            <a href=\"https:\/\/endk.ch\/fr\/publications\/\" ><img decoding=\"async\" src=\"https:\/\/endk.ch\/wp-content\/uploads\/2025\/07\/02_EnDK_Kuvert.jpg\" alt=\"Prises de position\"><\/a>\r\n                        <\/div>\r\n                    \r\n                    <div class=\"link-card-content\">\r\n                                                    <span class=\"card-date\">27.06.2025<\/span>\r\n                        \r\n                                                    <h3 class=\"card-title\">Prises de position<\/h3>\r\n                        \r\n                                                    <div class=\"card-description\">\r\n                                <p>Acc\u00e9dez \u00e0 toute les prises de position de l&rsquo;EnDK.<\/p>\n                            <\/div>\r\n                        \r\n                                                    <div class=\"button-wrap\">\r\n                                <a href=\"https:\/\/endk.ch\/fr\/publications\/\" class=\"block-button primary-button\">\r\n                                    Vers les prises de position                                <\/a>\r\n                            <\/div>\r\n                                            <\/div>\r\n                <\/div>\r\n                    <\/div>\r\n    <\/div>\r\n<\/section>\r\n<\/div><\/div>\n\n\n\n<p><\/p>\n","protected":false},"excerpt":{"rendered":"<p>Actualit\u00e9s Liens et r\u00e9seaux sociaux<\/p>\n","protected":false},"author":1,"featured_media":0,"parent":0,"menu_order":0,"comment_status":"closed","ping_status":"closed","template":"","meta":{"_acf_changed":false,"footnotes":""},"class_list":["post-525","page","type-page","status-publish","hentry"],"acf":[],"yoast_head":"<!-- This site is optimized with the Yoast SEO plugin v27.2 - https:\/\/yoast.com\/product\/yoast-seo-wordpress\/ -->\n<title>Accueil - ENDK<\/title>\n<meta name=\"robots\" content=\"index, follow, max-snippet:-1, max-image-preview:large, max-video-preview:-1\" \/>\n<link rel=\"canonical\" href=\"https:\/\/endk.ch\/fr\/\" \/>\n<meta property=\"og:locale\" content=\"fr_FR\" \/>\n<meta property=\"og:type\" content=\"article\" \/>\n<meta property=\"og:title\" content=\"Accueil - ENDK\" \/>\n<meta property=\"og:description\" content=\"Actualit\u00e9s Liens et r\u00e9seaux sociaux\" \/>\n<meta property=\"og:url\" content=\"https:\/\/endk.ch\/fr\/\" \/>\n<meta property=\"og:site_name\" content=\"ENDK\" \/>\n<meta property=\"article:modified_time\" content=\"2026-04-29T20:24:41+00:00\" \/>\n<meta name=\"twitter:card\" content=\"summary_large_image\" \/>\n<meta name=\"twitter:label1\" content=\"Dur\u00e9e de lecture estim\u00e9e\" \/>\n\t<meta name=\"twitter:data1\" content=\"1 minute\" \/>\n<script type=\"application\/ld+json\" class=\"yoast-schema-graph\">{\"@context\":\"https:\/\/schema.org\",\"@graph\":[{\"@type\":\"WebPage\",\"@id\":\"https:\/\/endk.ch\/fr\/\",\"url\":\"https:\/\/endk.ch\/fr\/\",\"name\":\"Accueil - ENDK\",\"isPartOf\":{\"@id\":\"https:\/\/endk.ch\/fr\/#website\"},\"datePublished\":\"2025-06-10T17:54:17+00:00\",\"dateModified\":\"2026-04-29T20:24:41+00:00\",\"breadcrumb\":{\"@id\":\"https:\/\/endk.ch\/fr\/#breadcrumb\"},\"inLanguage\":\"fr-FR\",\"potentialAction\":[{\"@type\":\"ReadAction\",\"target\":[\"https:\/\/endk.ch\/fr\/\"]}]},{\"@type\":\"BreadcrumbList\",\"@id\":\"https:\/\/endk.ch\/fr\/#breadcrumb\",\"itemListElement\":[{\"@type\":\"ListItem\",\"position\":1,\"name\":\"Startseite\",\"item\":\"https:\/\/endk.ch\/fr\/\"},{\"@type\":\"ListItem\",\"position\":2,\"name\":\"Accueil\"}]},{\"@type\":\"WebSite\",\"@id\":\"https:\/\/endk.ch\/fr\/#website\",\"url\":\"https:\/\/endk.ch\/fr\/\",\"name\":\"ENDK\",\"description\":\"\",\"publisher\":{\"@id\":\"https:\/\/endk.ch\/fr\/#organization\"},\"potentialAction\":[{\"@type\":\"SearchAction\",\"target\":{\"@type\":\"EntryPoint\",\"urlTemplate\":\"https:\/\/endk.ch\/fr\/?s={search_term_string}\"},\"query-input\":{\"@type\":\"PropertyValueSpecification\",\"valueRequired\":true,\"valueName\":\"search_term_string\"}}],\"inLanguage\":\"fr-FR\"},{\"@type\":\"Organization\",\"@id\":\"https:\/\/endk.ch\/fr\/#organization\",\"name\":\"ENDK\",\"url\":\"https:\/\/endk.ch\/fr\/\",\"logo\":{\"@type\":\"ImageObject\",\"inLanguage\":\"fr-FR\",\"@id\":\"https:\/\/endk.ch\/fr\/#\/schema\/logo\/image\/\",\"url\":null,\"contentUrl\":null,\"width\":null,\"height\":null,\"caption\":\"ENDK\"},\"image\":{\"@id\":\"https:\/\/endk.ch\/fr\/#\/schema\/logo\/image\/\"}}]}<\/script>\n<!-- \/ Yoast SEO plugin. -->","yoast_head_json":{"title":"Accueil - ENDK","robots":{"index":"index","follow":"follow","max-snippet":"max-snippet:-1","max-image-preview":"max-image-preview:large","max-video-preview":"max-video-preview:-1"},"canonical":"https:\/\/endk.ch\/fr\/","og_locale":"fr_FR","og_type":"article","og_title":"Accueil - ENDK","og_description":"Actualit\u00e9s Liens et r\u00e9seaux sociaux","og_url":"https:\/\/endk.ch\/fr\/","og_site_name":"ENDK","article_modified_time":"2026-04-29T20:24:41+00:00","twitter_card":"summary_large_image","twitter_misc":{"Dur\u00e9e de lecture estim\u00e9e":"1 minute"},"schema":{"@context":"https:\/\/schema.org","@graph":[{"@type":"WebPage","@id":"https:\/\/endk.ch\/fr\/","url":"https:\/\/endk.ch\/fr\/","name":"Accueil - ENDK","isPartOf":{"@id":"https:\/\/endk.ch\/fr\/#website"},"datePublished":"2025-06-10T17:54:17+00:00","dateModified":"2026-04-29T20:24:41+00:00","breadcrumb":{"@id":"https:\/\/endk.ch\/fr\/#breadcrumb"},"inLanguage":"fr-FR","potentialAction":[{"@type":"ReadAction","target":["https:\/\/endk.ch\/fr\/"]}]},{"@type":"BreadcrumbList","@id":"https:\/\/endk.ch\/fr\/#breadcrumb","itemListElement":[{"@type":"ListItem","position":1,"name":"Startseite","item":"https:\/\/endk.ch\/fr\/"},{"@type":"ListItem","position":2,"name":"Accueil"}]},{"@type":"WebSite","@id":"https:\/\/endk.ch\/fr\/#website","url":"https:\/\/endk.ch\/fr\/","name":"ENDK","description":"","publisher":{"@id":"https:\/\/endk.ch\/fr\/#organization"},"potentialAction":[{"@type":"SearchAction","target":{"@type":"EntryPoint","urlTemplate":"https:\/\/endk.ch\/fr\/?s={search_term_string}"},"query-input":{"@type":"PropertyValueSpecification","valueRequired":true,"valueName":"search_term_string"}}],"inLanguage":"fr-FR"},{"@type":"Organization","@id":"https:\/\/endk.ch\/fr\/#organization","name":"ENDK","url":"https:\/\/endk.ch\/fr\/","logo":{"@type":"ImageObject","inLanguage":"fr-FR","@id":"https:\/\/endk.ch\/fr\/#\/schema\/logo\/image\/","url":null,"contentUrl":null,"width":null,"height":null,"caption":"ENDK"},"image":{"@id":"https:\/\/endk.ch\/fr\/#\/schema\/logo\/image\/"}}]}},"_links":{"self":[{"href":"https:\/\/endk.ch\/fr\/wp-json\/wp\/v2\/pages\/525","targetHints":{"allow":["GET"]}}],"collection":[{"href":"https:\/\/endk.ch\/fr\/wp-json\/wp\/v2\/pages"}],"about":[{"href":"https:\/\/endk.ch\/fr\/wp-json\/wp\/v2\/types\/page"}],"author":[{"embeddable":true,"href":"https:\/\/endk.ch\/fr\/wp-json\/wp\/v2\/users\/1"}],"replies":[{"embeddable":true,"href":"https:\/\/endk.ch\/fr\/wp-json\/wp\/v2\/comments?post=525"}],"version-history":[{"count":55,"href":"https:\/\/endk.ch\/fr\/wp-json\/wp\/v2\/pages\/525\/revisions"}],"predecessor-version":[{"id":4107,"href":"https:\/\/endk.ch\/fr\/wp-json\/wp\/v2\/pages\/525\/revisions\/4107"}],"wp:attachment":[{"href":"https:\/\/endk.ch\/fr\/wp-json\/wp\/v2\/media?parent=525"}],"curies":[{"name":"wp","href":"https:\/\/api.w.org\/{rel}","templated":true}]}}