{"version":"1.0","provider_name":"ENDK","provider_url":"https:\/\/endk.ch\/it\/","author_name":"veronique.bittner@endk.ch","author_url":"https:\/\/endk.ch\/it\/author\/veronique-bittnerendk-ch\/","title":"Die EnDK bekr\u00e4ftigt ihre Unterst\u00fctzung f\u00fcr das Stromabkommen - ENDK","type":"rich","width":600,"height":338,"html":"<blockquote class=\"wp-embedded-content\" data-secret=\"3AVBd4WnTA\"><a href=\"https:\/\/endk.ch\/it\/die-endk-bekraftigt-ihre-unterstutzung-fur-das-stromabkommen\/\">Die EnDK bekr\u00e4ftigt ihre Unterst\u00fctzung f\u00fcr das Stromabkommen<\/a><\/blockquote><iframe sandbox=\"allow-scripts\" security=\"restricted\" src=\"https:\/\/endk.ch\/it\/die-endk-bekraftigt-ihre-unterstutzung-fur-das-stromabkommen\/embed\/#?secret=3AVBd4WnTA\" width=\"600\" height=\"338\" title=\"&#8220;Die EnDK bekr\u00e4ftigt ihre Unterst\u00fctzung f\u00fcr das Stromabkommen&#8221; &#8212; ENDK\" data-secret=\"3AVBd4WnTA\" frameborder=\"0\" marginwidth=\"0\" marginheight=\"0\" scrolling=\"no\" class=\"wp-embedded-content\"><\/iframe><script type=\"text\/javascript\">\n\/* <![CDATA[ *\/\n\/*! This file is auto-generated *\/\n!function(d,l){\"use strict\";l.querySelector&&d.addEventListener&&\"undefined\"!=typeof URL&&(d.wp=d.wp||{},d.wp.receiveEmbedMessage||(d.wp.receiveEmbedMessage=function(e){var t=e.data;if((t||t.secret||t.message||t.value)&&!\/[^a-zA-Z0-9]\/.test(t.secret)){for(var s,r,n,a=l.querySelectorAll('iframe[data-secret=\"'+t.secret+'\"]'),o=l.querySelectorAll('blockquote[data-secret=\"'+t.secret+'\"]'),c=new RegExp(\"^https?:$\",\"i\"),i=0;i<o.length;i++)o[i].style.display=\"none\";for(i=0;i<a.length;i++)s=a[i],e.source===s.contentWindow&&(s.removeAttribute(\"style\"),\"height\"===t.message?(1e3<(r=parseInt(t.value,10))?r=1e3:~~r<200&&(r=200),s.height=r):\"link\"===t.message&&(r=new URL(s.getAttribute(\"src\")),n=new URL(t.value),c.test(n.protocol))&&n.host===r.host&&l.activeElement===s&&(d.top.location.href=t.value))}},d.addEventListener(\"message\",d.wp.receiveEmbedMessage,!1),l.addEventListener(\"DOMContentLoaded\",function(){for(var e,t,s=l.querySelectorAll(\"iframe.wp-embedded-content\"),r=0;r<s.length;r++)(t=(e=s[r]).getAttribute(\"data-secret\"))||(t=Math.random().toString(36).substring(2,12),e.src+=\"#?secret=\"+t,e.setAttribute(\"data-secret\",t)),e.contentWindow.postMessage({message:\"ready\",secret:t},\"*\")},!1)))}(window,document);\n\/\/# sourceURL=https:\/\/endk.ch\/wp-includes\/js\/wp-embed.min.js\n\/* ]]> *\/\n<\/script>\n","description":"Die parlamentarischen Beratungen zum Stromabkommen zwischen der Schweiz und der EU sind gestartet: Am Montag und Dienstag hat die Kommission f\u00fcr Umwelt, Raumplanung und Energie des St\u00e4nderates verschiedene Akteure angeh\u00f6rt. Die Konferenz Kantonaler Energiedirektoren (EnDK) war mit dabei und konnte nochmals ihre Unterst\u00fctzung f\u00fcr das Abkommen bekr\u00e4ftigen. Dieses leistet einen zentralen Beitrag zur Versorgungssicherheit, zur [&hellip;]"}